{"version":"1.0","provider_name":"marad\u00f3.","provider_url":"https:\/\/marado.hu\/en","author_name":"adminMarado","author_url":"https:\/\/marado.hu\/en\/author\/adminmarado\/","title":"\u00c1LTAL\u00c1NOS SZERZ\u0150D\u00c9SI FELT\u00c9TELEK | marad\u00f3.","type":"rich","width":600,"height":338,"html":"<blockquote class=\"wp-embedded-content\" data-secret=\"cfI8nyeF9z\"><a href=\"https:\/\/marado.hu\/en\/aszf\/\">GENERAL TERMS AND CONDITIONS<\/a><\/blockquote><iframe sandbox=\"allow-scripts\" security=\"restricted\" src=\"https:\/\/marado.hu\/en\/aszf\/embed\/#?secret=cfI8nyeF9z\" width=\"600\" height=\"338\" title=\"&#8220;\u00c1LTAL\u00c1NOS SZERZ\u0150D\u00c9SI FELT\u00c9TELEK&#8221; &#8212; marad\u00f3.\" data-secret=\"cfI8nyeF9z\" frameborder=\"0\" marginwidth=\"0\" marginheight=\"0\" scrolling=\"no\" class=\"wp-embedded-content\"><\/iframe><script>\n\/*! This file is auto-generated *\/\n!function(d,l){\"use strict\";l.querySelector&&d.addEventListener&&\"undefined\"!=typeof URL&&(d.wp=d.wp||{},d.wp.receiveEmbedMessage||(d.wp.receiveEmbedMessage=function(e){var t=e.data;if((t||t.secret||t.message||t.value)&&!\/[^a-zA-Z0-9]\/.test(t.secret)){for(var s,r,n,a=l.querySelectorAll('iframe[data-secret=\"'+t.secret+'\"]'),o=l.querySelectorAll('blockquote[data-secret=\"'+t.secret+'\"]'),c=new RegExp(\"^https?:$\",\"i\"),i=0;i<o.length;i++)o[i].style.display=\"none\";for(i=0;i<a.length;i++)s=a[i],e.source===s.contentWindow&&(s.removeAttribute(\"style\"),\"height\"===t.message?(1e3<(r=parseInt(t.value,10))?r=1e3:~~r<200&&(r=200),s.height=r):\"link\"===t.message&&(r=new URL(s.getAttribute(\"src\")),n=new URL(t.value),c.test(n.protocol))&&n.host===r.host&&l.activeElement===s&&(d.top.location.href=t.value))}},d.addEventListener(\"message\",d.wp.receiveEmbedMessage,!1),l.addEventListener(\"DOMContentLoaded\",function(){for(var e,t,s=l.querySelectorAll(\"iframe.wp-embedded-content\"),r=0;r<s.length;r++)(t=(e=s[r]).getAttribute(\"data-secret\"))||(t=Math.random().toString(36).substring(2,12),e.src+=\"#?secret=\"+t,e.setAttribute(\"data-secret\",t)),e.contentWindow.postMessage({message:\"ready\",secret:t},\"*\")},!1)))}(window,document);\n\/\/# sourceURL=https:\/\/marado.hu\/wp-includes\/js\/wp-embed.min.js\n<\/script>","description":"www.marado.hu Hat\u00e1lyba l\u00e9p\u00e9s ideje: 2026. 07. 20. Bevezet\u00e9s: Legyen kedves gondosan elolvasni \u00c1ltal\u00e1nos szerz\u0151d\u00e9si felt\u00e9teleinket, hiszen \u00d6n rendel\u00e9se lead\u00e1s\u00e1val elfogadja a Szolg\u00e1ltat\u00f3 \u00c1ltal\u00e1nos szerz\u0151d\u00e9si felt\u00e9teleit! Amennyiben webshopunk haszn\u00e1lat\u00e1val, a v\u00e1s\u00e1rl\u00e1s folyamat\u00e1val, term\u00e9keinkkel vagy \u00c1ltal\u00e1nos szerz\u0151d\u00e9si felt\u00e9teleinkkel kapcsolatos k\u00e9rd\u00e9se van, felveheti vel\u00fcnk a kapcsolatot az al\u00e1bbi el\u00e9rhet\u0151s\u00e9geken: Szolg\u00e1ltat\u00f3 adatai: Szolg\u00e1ltat\u00f3 neve: Klieber Tam\u00e1s egy\u00e9ni v\u00e1llalkoz\u00f3 Sz\u00e9khelye: 7700 MOH\u00c1CS, Borza utca 10. Postac\u00edme: 7700 MOH\u00c1CS, Borza utca 10. Ad\u00f3sz\u00e1ma: 57610708-1-22 Nyilv\u00e1ntart\u00e1si sz\u00e1ma: 56255241 Nyilv\u00e1ntart\u00e1st vezet\u0151 szerv: Nemzeti Ad\u00f3- \u00e9s v\u00e1mhivatal Szolg\u00e1ltat\u00f3 banksz\u00e1mlasz\u00e1ma: 11600006-00000000-96484032 K\u00e9pvisel\u0151 neve: Klieber Tam\u00e1s Honlap c\u00edme: www.marado.hu E-mail c\u00edm: hello@marado.hu T\u00e1rhelyszolg\u00e1ltat\u00f3 adatai: Sybell Informatikai Kft.&nbsp; 1158 Budapest, K\u00e9sm\u00e1rk u. 7\/b 2. em. 206. ad\u00f3sz\u00e1m: 25859502-2-42&nbsp; info@sybell.hu Fogalmak:Felek: Elad\u00f3 \u00e9s Fogyaszt\u00f3 egy\u00fcttesenFogyaszt\u00f3: a szakm\u00e1ja, \u00f6n\u00e1ll\u00f3 foglalkoz\u00e1sa vagy \u00fczleti tev\u00e9kenys\u00e9ge k\u00f6r\u00e9n k\u00edv\u00fcl elj\u00e1r\u00f3 term\u00e9szetes szem\u00e9lyFogyaszt\u00f3i szerz\u0151d\u00e9s: szerz\u0151d\u00e9s, melynek egyik alanya Fogyaszt\u00f3nak min\u0151s\u00fclJ\u00f3t\u00e1ll\u00e1s: a Polg\u00e1ri T\u00f6rv\u00e9nyk\u00f6nyv szerint\u2022 jogszab\u00e1lyi k\u00f6telezetts\u00e9gen t\u00falmutat\u00f3, illetve \u00f6nk\u00e9nt, a szerz\u0151d\u00e9s megfelel\u0151 teljes\u00edt\u00e9s\u00e9\u00e9rt v\u00e1llalt j\u00f3t\u00e1ll\u00e1s\u2022 k\u00f6telez\u0151 j\u00f3t\u00e1ll\u00e1s, mely jogszab\u00e1lyon alapulSzerz\u0151d\u00e9s: Elad\u00f3 \u00e9s Fogyaszt\u00f3 k\u00f6z\u00f6tt a webshop \u00e9s e-mail felhaszn\u00e1l\u00e1s\u00e1val t\u00f6rt\u00e9n\u0151 ad\u00e1sv\u00e9teli szerz\u0151d\u00e9s megk\u00f6t\u00e9seT\u00e1voll\u00e9v\u0151k k\u00f6z\u00f6tt k\u00f6t\u00f6tt szerz\u0151d\u00e9s: a szerz\u0151d\u00e9s t\u00e1rgy\u00e1t k\u00e9pez\u0151 term\u00e9k megv\u00e1s\u00e1rl\u00e1s\u00e1ra ir\u00e1nyul\u00f3 szerz\u0151d\u00e9s, amely a felek egyidej\u0171 fizikai jelenl\u00e9te n\u00e9lk\u00fcl, t\u00e1voll\u00e9v\u0151k k\u00f6zti kommunik\u00e1ci\u00f3s eszk\u00f6z alkalmaz\u00e1s\u00e1val, t\u00e1v\u00e9rt\u00e9kes\u00edt\u00e9si rendszer keretein bel\u00fcl ker\u00fcl megk\u00f6t\u00e9sreT\u00e1voll\u00e9v\u0151k k\u00f6zti kommunik\u00e1ci\u00f3s eszk\u00f6z: a felek t\u00e1voll\u00e9t\u00e9ben szerz\u0151d\u00e9si nyilatkozat megt\u00e9tel\u00e9re alkalmas eszk\u00f6z, pl. internetes hozz\u00e1f\u00e9r\u00e9st biztos\u00edt\u00f3 eszk\u00f6z, nyomtatv\u00e1ny, katal\u00f3gus, telefonTerm\u00e9k: webshopunk \u00e1ruk\u00e9szlet\u00e9ben l\u00e9v\u0151, elad\u00e1sra sz\u00e1nt, birtokba vehet\u0151, Szerz\u0151d\u00e9s t\u00e1rgy\u00e1t k\u00e9pez\u0151, forgalomk\u00e9pes ing\u00f3s\u00e1gWebshop: webshopunk, melyen a szerz\u0151d\u00e9sk\u00f6t\u00e9s megval\u00f3sulPreloved \/ haszn\u00e1lt term\u00e9k: olyan ruh\u00e1zati term\u00e9k, amely kor\u00e1bban m\u00e1r haszn\u00e1latban volt, ez\u00e9rt term\u00e9szetes haszn\u00e1lati nyomokat hordozhatK\u00e9zzel k\u00e9sz\u00fclt \u00e9kszer: \u00faj, k\u00e9zm\u0171ves technik\u00e1val, egyedileg vagy kis sz\u00e9ri\u00e1ban el\u0151\u00e1ll\u00edtott divat\u00e9kszer-term\u00e9k Menyecske-kalend\u00e1rium: \u00faj, pap\u00edr alap\u00fa kiadv\u00e1nyterm\u00e9k, amelynek l\u00e9nyeges tulajdons\u00e1gait, terjedelm\u00e9t, kivitel\u00e9t \u00e9s tartalm\u00e1nak f\u0151 jellemz\u0151it a term\u00e9koldal tartalmazza. Digit\u00e1lis Menyecske-kalend\u00e1rium (PDF): nem t\u00e1rgyi adathordoz\u00f3n szolg\u00e1ltatott digit\u00e1lis adattartalom, amely a v\u00e9tel\u00e1r megfizet\u00e9s\u00e9t k\u00f6vet\u0151en elektronikus \u00faton azonnal let\u00f6lthet\u0151. Novella (nyomtatott): \u00faj, pap\u00edr alap\u00fa kiadv\u00e1nyterm\u00e9k, amelynek l\u00e9nyeges tulajdons\u00e1gait, terjedelm\u00e9t, kivitel\u00e9t \u00e9s tartalm\u00e1nak f\u0151 jellemz\u0151it a term\u00e9koldal tartalmazza. Digit\u00e1lis novella (PDF): nem t\u00e1rgyi adathordoz\u00f3n szolg\u00e1ltatott digit\u00e1lis adattartalom, amely a v\u00e9tel\u00e1r megfizet\u00e9s\u00e9t k\u00f6vet\u0151en elektronikus \u00faton azonnal let\u00f6lthet\u0151. Aj\u00e1nd\u00e9kutalv\u00e1ny: a Szolg\u00e1ltat\u00f3 \u00e1ltal kibocs\u00e1tott elektronikus utalv\u00e1ny, amely e-mailben ker\u00fcl megk\u00fcld\u00e9sre, \u00e9s a webshopban kuponk\u00f3ddal haszn\u00e1lhat\u00f3 fel. Term\u00e9kcsomag: k\u00e9t vagy t\u00f6bb k\u00fcl\u00f6n megv\u00e1s\u00e1rolhat\u00f3 term\u00e9k egy\u00fcttes \u00e9rt\u00e9kes\u00edt\u00e9se. Vonatkoz\u00f3 jogszab\u00e1lyok: \u00c1SZF hat\u00e1lya \u00e9s elfogad\u00e1sa: A vonatkoz\u00f3 jogszab\u00e1lyok mellett a megk\u00f6t\u00e9sre ker\u00fcl\u0151 szerz\u0151d\u00e9s tartalm\u00e1t \u00c1ltal\u00e1nos szerz\u0151d\u00e9si felt\u00e9teleink is szab\u00e1lyozz\u00e1k. Ennek keretein bel\u00fcl \u00f6sszefoglaljuk az \u00d6nt \u00e9s minket megillet\u0151 jogokat, k\u00f6telezetts\u00e9geket, a szerz\u0151d\u00e9sk\u00f6t\u00e9s felt\u00e9teleit, a fizet\u00e9si, illetve sz\u00e1ll\u00edt\u00e1si felt\u00e9teleket, a hat\u00e1rid\u0151ket, a felel\u0151ss\u00e9ggel kapcsolatos szab\u00e1lyokat, tov\u00e1bb\u00e1 az el\u00e1ll\u00e1si jog gyakorl\u00e1s\u00e1nak felt\u00e9teleit. \u00d6n rendel\u00e9se lead\u00e1s\u00e1val elfogadja Szolg\u00e1ltat\u00f3 \u00c1ltal\u00e1nos szerz\u0151d\u00e9si felt\u00e9teleit, mely a megk\u00f6t\u00e9sre ker\u00fcl\u0151 szerz\u0151d\u00e9shez tartozik. Szerz\u0151d\u00e9s nyelve \u00e9s form\u00e1ja: A szerz\u0151d\u00e9s nyelve magyar. A megk\u00f6t\u00f6tt szerz\u0151d\u00e9s nem min\u0151s\u00fcl \u00edr\u00e1sba foglalt szerz\u0151d\u00e9snek, azt Szolg\u00e1ltat\u00f3 nem iktatja.A szerz\u0151d\u00e9s a Szolg\u00e1ltat\u00f3 \u00e1ltal k\u00fcld\u00f6tt, a megrendel\u00e9st kifejezetten elfogad\u00f3 m\u00e1sodik visszaigazol\u00f3 e-mail megk\u00fcld\u00e9s\u00e9vel j\u00f6n l\u00e9tre. \u00c1rak: Az \u00e1rak forintban \u00e9rtend\u0151k. Szolg\u00e1ltat\u00f3 alanyi ad\u00f3mentes, ennek megfelel\u0151en az \u00e1raknak \u00c1FA tartalma nincs. Fenntartjuk az \u00e1rv\u00e1ltoztat\u00e1s jog\u00e1t. Panasz\u00fcgyint\u00e9z\u00e9s \u00e9s jog\u00e9rv\u00e9nyes\u00edt\u00e9si lehet\u0151s\u00e9gek: A Fogyaszt\u00f3 a term\u00e9ket, illet\u0151leg Szolg\u00e1ltat\u00f3 tev\u00e9kenys\u00e9g\u00e9t illet\u0151 kifog\u00e1sait a k\u00f6vetkez\u0151 el\u00e9rhet\u0151s\u00e9geinken juttathatja el hozz\u00e1nk: A Fogyaszt\u00f3 els\u0151sorban \u00edr\u00e1sban, egyes esetekben azonban sz\u00f3ban is k\u00f6z\u00f6lheti a Szolg\u00e1ltat\u00f3val panasz\u00e1t. A panasz vonatkozhat a Szolg\u00e1ltat\u00f3 r\u00e9sz\u00e9r\u0151l elj\u00e1r\u00f3 szem\u00e9ly viselked\u00e9s\u00e9re, munk\u00e1j\u00e1ra, esetleg mulaszt\u00e1s\u00e1ra, mely a term\u00e9k forgalmaz\u00e1s\u00e1val, \u00e9rt\u00e9kes\u00edt\u00e9s\u00e9vel k\u00f6zvetlen kapcsolatban \u00e1ll. A sz\u00f3beli panaszt Szolg\u00e1ltat\u00f3 halad\u00e9ktalanul kivizsg\u00e1lja \u00e9s lehet\u0151s\u00e9g szerint megoldja. Amennyiben a Fogyaszt\u00f3 nem \u00e9rt egyet a panasz kezel\u00e9s\u00e9vel vagy a panasz halad\u00e9ktalan kivizsg\u00e1l\u00e1sa nem lehets\u00e9ges, Szolg\u00e1ltat\u00f3 a panaszr\u00f3l \u00e9s azzal kapcsolatos \u00e1ll\u00e1spontj\u00e1r\u00f3l jegyz\u0151k\u00f6nyvet vesz fel, melynek m\u00e1solati p\u00e9ld\u00e1ny\u00e1t eljuttatja a Fogyaszt\u00f3 r\u00e9sz\u00e9re (szem\u00e9lyes jelenl\u00e9t eset\u00e9n helyben \u00e1tadja). E-mailen \u00e9rkezett panasz eset\u00e9ben 30 napon bel\u00fcl a v\u00e1lasszal egy\u00fctt megk\u00fcldi a Fogyaszt\u00f3 r\u00e9sz\u00e9re. Az \u00edr\u00e1sbeli panaszt Szolg\u00e1ltat\u00f3 a be\u00e9rkez\u00e9st\u0151l sz\u00e1m\u00edtott 30 napon bel\u00fcl \u00edr\u00e1sban megv\u00e1laszolja. A panasz elutas\u00edt\u00e1sa eset\u00e9n Szolg\u00e1ltat\u00f3 \u00e1ll\u00e1spontj\u00e1t k\u00f6teles megindokolni. Szolg\u00e1ltat\u00f3 k\u00f6teles a panaszt egyedi azonos\u00edt\u00f3sz\u00e1mmal ell\u00e1tni \u2013 telefonon, illetve egy\u00e9b elektronikus h\u00edrk\u00f6zl\u00e9si szolg\u00e1ltat\u00e1s \u00fatj\u00e1n k\u00f6z\u00f6lt sz\u00f3beli panasz eset\u00e9n. Tartalmaznia kell a panaszr\u00f3l felvett jegyz\u0151k\u00f6nyvnek: Fogyaszt\u00f3i panasz r\u00e9szletes le\u00edr\u00e1s\u00e1t, tov\u00e1bb\u00e1 a dokumentumok, iratok, bizony\u00edt\u00e9kok jegyz\u00e9k\u00e9t Szolg\u00e1ltat\u00f3 a panaszr\u00f3l felvett jegyz\u0151k\u00f6nyvet \u00e9s v\u00e1laszunk m\u00e1solati p\u00e9ld\u00e1ny\u00e1t 5 \u00e9vig meg\u0151rzi, ellen\u0151rz\u0151 hat\u00f3s\u00e1g k\u00e9r\u00e9s\u00e9re bemutatja. Szolg\u00e1ltat\u00f3 a Fogyaszt\u00f3t \u00edr\u00e1sban t\u00e1j\u00e9koztatja, amennyiben a panaszt elutas\u00edtja, hogy panasz\u00e1val mely hat\u00f3s\u00e1g vagy B\u00e9k\u00e9ltet\u0151 Test\u00fclet elj\u00e1r\u00e1s\u00e1t kezdem\u00e9nyezheti. Tartalmazza a t\u00e1j\u00e9koztat\u00e1s az illet\u00e9kes hat\u00f3s\u00e1g \u00e9s a Fogyaszt\u00f3 lak\u00f3helye\/tart\u00f3zkod\u00e1si helye szerinti B\u00e9k\u00e9ltet\u0151 Test\u00fclet sz\u00e9khely\u00e9t, levelez\u00e9si c\u00edm\u00e9t, el\u00e9rhet\u0151s\u00e9geit (weboldal, e-mail, telefonsz\u00e1m), valamint Szolg\u00e1ltat\u00f3 Fogyaszt\u00f3i jogvita rendez\u00e9se c\u00e9lj\u00e1b\u00f3l t\u00f6rt\u00e9n\u0151 B\u00e9k\u00e9ltet\u0151 Test\u00fcleti elj\u00e1r\u00e1s ig\u00e9nybev\u00e9tel\u00e9vel kapcsolatos \u00e1ll\u00e1spontj\u00e1t. Abban az esetben, ha Szolg\u00e1ltat\u00f3 \u00e9s a Fogyaszt\u00f3 k\u00f6zti jogvita t\u00e1rgyal\u00e1sok \u00fatj\u00e1n sem rendez\u0151dik, tov\u00e1bbi jog\u00e9rv\u00e9nyes\u00edt\u00e9si lehet\u0151s\u00e9gekkel \u00e9lhet a Fogyaszt\u00f3: Fogyaszt\u00f3v\u00e9delmi Hat\u00f3s\u00e1gi elj\u00e1r\u00e1s:A Fogyaszt\u00f3 fogyaszt\u00f3v\u00e9delmi panasz\u00e1val a lak\u00f3helye vagy tart\u00f3zkod\u00e1si helye szerint illet\u00e9kes fogyaszt\u00f3v\u00e9delmi hat\u00f3s\u00e1ghoz fordulhat. Az \u00e1ltal\u00e1nos fogyaszt\u00f3v\u00e9delmi hat\u00f3s\u00e1gi feladatokat a f\u0151v\u00e1rosi \u00e9s v\u00e1rmegyei korm\u00e1nyhivatalok l\u00e1tj\u00e1k el. Tov\u00e1bbi inform\u00e1ci\u00f3 a fogyaszt\u00f3v\u00e9delmi hat\u00f3s\u00e1gok el\u00e9rhet\u0151s\u00e9g\u00e9r\u0151l a Nemzeti Kereskedelmi \u00e9s Fogyaszt\u00f3v\u00e9delmi Hat\u00f3s\u00e1g, valamint a korm\u00e1nyhivatalok hivatalos fel\u00fcletein \u00e9rhet\u0151 el. B\u00edr\u00f3s\u00e1gi elj\u00e1r\u00e1s: A Fogyaszt\u00f3 polg\u00e1ri elj\u00e1r\u00e1s keretein bel\u00fcl jogosult a jogvit\u00e1b\u00f3l sz\u00e1rmaz\u00f3 k\u00f6vetel\u00e9s\u00e9nek b\u00edr\u00f3s\u00e1g el\u0151tti \u00e9rv\u00e9nyes\u00edt\u00e9s\u00e9re a Polg\u00e1ri T\u00f6rv\u00e9nyk\u00f6nyvr\u0151l sz\u00f3l\u00f3 2013. \u00e9vi V. t\u00f6rv\u00e9ny, valamint a Polg\u00e1ri Perrendtart\u00e1sr\u00f3l sz\u00f3l\u00f3 2016. \u00e9vi CXXX. t\u00f6rv\u00e9ny rendelkez\u00e9sei szerint. B\u00e9k\u00e9ltet\u0151 Test\u00fcleti elj\u00e1r\u00e1s:A Fogyaszt\u00f3 jogosult a lak\u00f3helye vagy tart\u00f3zkod\u00e1si helye szerint illet\u00e9kes B\u00e9k\u00e9ltet\u0151 Test\u00fclethez fordulni, ha Fogyaszt\u00f3i panasz\u00e1t elutas\u00edtjuk. Az elj\u00e1r\u00e1s megind\u00edt\u00e1s\u00e1nak felt\u00e9tele, hogy a Fogyaszt\u00f3 a Szolg\u00e1ltat\u00f3val k\u00f6zvetlen\u00fcl megk\u00eds\u00e9relje a vit\u00e1s \u00fcgy rendez\u00e9s\u00e9t. Szolg\u00e1ltat\u00f3 sz\u00e9khelye szerint illet\u00e9kes b\u00e9k\u00e9ltet\u0151 test\u00fclet:Baranya V\u00e1rmegyei B\u00e9k\u00e9ltet\u0151 Test\u00fcletSz\u00e9khely\/postai c\u00edm: 7625 P\u00e9cs, Majorossy Imre u. 36. A B\u00e9k\u00e9ltet\u0151 Test\u00fcleti elj\u00e1r\u00e1sban a Szolg\u00e1ltat\u00f3t egy\u00fcttm\u0171k\u00f6d\u00e9si k\u00f6telezetts\u00e9g terheli. Tov\u00e1bbi inform\u00e1ci\u00f3 a b\u00e9k\u00e9ltet\u0151 test\u00fcletekr\u0151l: https:\/\/bekeltetes.hu Szerz\u0151i jogok: Szerz\u0151i jogok: A weboldal \u00e9s annak tartalma, \u00edgy k\u00fcl\u00f6n\u00f6sen a rajta megjelen\u0151 sz\u00f6vegek, k\u00e9pek, grafikai elemek, diz\u00e1jnmegold\u00e1sok, valamint az adatb\u00e1zis eg\u00e9sze vagy r\u00e9szei szerz\u0151i jogi \u00e9s egy\u00e9b jogi v\u00e9delem alatt \u00e1llhatnak. A weboldalon tal\u00e1lhat\u00f3 tartalmak enged\u00e9ly n\u00e9lk\u00fcli m\u00e1sol\u00e1sa, felhaszn\u00e1l\u00e1sa, \u00e1tdolgoz\u00e1sa, terjeszt\u00e9se vagy egy\u00e9b hasznos\u00edt\u00e1sa tilos. A weboldalr\u00f3l, valamint az adatb\u00e1zisb\u00f3l sz\u00e1rmaz\u00f3 anyagok, k\u00e9pek, vide\u00f3k, sz\u00f6vegek vagy egy\u00e9b tartalmak \u00e1tv\u00e9tel\u00e9re kiz\u00e1r\u00f3lag a jogtulajdonos (Klieber Tam\u00e1s e.v.) el\u0151zetes \u00edr\u00e1sbeli hozz\u00e1j\u00e1rul\u00e1sa alapj\u00e1n ker\u00fclhet sor, a hozz\u00e1j\u00e1rul\u00e1sban meghat\u00e1rozott felt\u00e9telek szerint. R\u00e9szleges \u00e9rv\u00e9nytelens\u00e9g \u00e9s magatart\u00e1si k\u00f3dex:Ha az \u00c1ltal\u00e1nos Szerz\u0151d\u00e9si Felt\u00e9telek valamely rendelkez\u00e9se jogilag hi\u00e1nyosnak, \u00e9rv\u00e9nytelennek vagy v\u00e9grehajthatatlannak bizonyul, az a t\u00f6bbi rendelkez\u00e9s \u00e9rv\u00e9nyess\u00e9g\u00e9t nem \u00e9rinti. Az \u00e9rintett rendelkez\u00e9s hely\u00e9be a vonatkoz\u00f3 jogszab\u00e1ly megfelel\u0151 szab\u00e1lya l\u00e9p. Szolg\u00e1ltat\u00f3 nem rendelkezik a Fogyaszt\u00f3kkal szembeni tisztess\u00e9gtelen kereskedelmi gyakorlat tilalm\u00e1r\u00f3l sz\u00f3l\u00f3 t\u00f6rv\u00e9ny szerinti magatart\u00e1si k\u00f3dexszel. Technikai \u00e9s digit\u00e1lis rendelkez\u00e9sek:Weboldalunk m\u0171k\u00f6d\u00e9s\u00e9hez sz\u00fcks\u00e9ges technikai \u00e9s szervez\u00e9si int\u00e9zked\u00e9seket alkalmazunk. A weboldalon megjelen\u00edtett adatok kezel\u00e9se \u00e9s v\u00e9delme a mindenkor hat\u00e1lyos jogszab\u00e1lyokkal \u00e9s az Adatkezel\u00e9si T\u00e1j\u00e9koztat\u00f3ban foglaltakkal \u00f6sszhangban t\u00f6rt\u00e9nik. Fizikai term\u00e9kek \u00e9rt\u00e9kes\u00edt\u00e9se eset\u00e9n digit\u00e1lis adattartalomra vagy digit\u00e1lis szolg\u00e1ltat\u00e1sra vonatkoz\u00f3 speci\u00e1lis szab\u00e1lyok kiz\u00e1r\u00f3lag akkor alkalmazand\u00f3k, ha azt az adott term\u00e9koldal vagy k\u00fcl\u00f6n t\u00e1j\u00e9koztat\u00f3 kifejezetten tartalmazza. A webshopban digit\u00e1lis adattartalomnak min\u0151s\u00fcl\u0151 term\u00e9kek (k\u00fcl\u00f6n\u00f6sen a Digit\u00e1lis Menyecske-kalend\u00e1rium, a Digit\u00e1lis novella \u00e9s az elektronikus Aj\u00e1nd\u00e9kutalv\u00e1ny) is \u00e9rt\u00e9kes\u00edt\u00e9sre ker\u00fclnek. A digit\u00e1lis PDF term\u00e9kek a sikeres fizet\u00e9st k\u00f6vet\u0151en elektronikus \u00faton let\u00f6lthet\u0151k. Az elektronikus Aj\u00e1nd\u00e9kutalv\u00e1ny a fizet\u00e9s sikeres be\u00e9rkez\u00e9s\u00e9t k\u00f6vet\u0151en a V\u00e1s\u00e1rl\u00f3 \u00e1ltal megadott e-mail c\u00edmre ker\u00fcl megk\u00fcld\u00e9sre. A digit\u00e1lis term\u00e9kek ism\u00e9telt let\u00f6lt\u00e9s\u00e9nek biztos\u00edt\u00e1sa a term\u00e9koldalon vagy a v\u00e1s\u00e1rl\u00e1st k\u00f6vet\u0151 t\u00e1j\u00e9koztat\u00f3ban meghat\u00e1rozott felt\u00e9telek szerint t\u00f6rt\u00e9nik. A V\u00e1s\u00e1rl\u00f3 saj\u00e1t eszk\u00f6z\u00e9n, adatt\u00e1rol\u00f3j\u00e1n vagy e-mail fi\u00f3kj\u00e1ban bek\u00f6vetkezett adatveszt\u00e9s\u00e9rt a Szolg\u00e1ltat\u00f3 nem felel. V\u00e1s\u00e1rl\u00f3k k\u00f6re A Web\u00e1ruh\u00e1zban t\u00f6rt\u00e9n\u0151 v\u00e1s\u00e1rl\u00e1s kiz\u00e1r\u00f3lag fogyaszt\u00f3nak min\u0151s\u00fcl\u0151 term\u00e9szetes szem\u00e9lyek r\u00e9sz\u00e9re biztos\u00edtott. A szolg\u00e1ltat\u00f3 a Web\u00e1ruh\u00e1zon kereszt\u00fcl nem \u00e9rt\u00e9kes\u00edt jogi szem\u00e9lyek, jogi szem\u00e9lyis\u00e9ggel nem rendelkez\u0151 gazdas\u00e1gi t\u00e1rsas\u00e1gok, egy\u00e9ni v\u00e1llalkoz\u00f3k, illetve egy\u00e9b \u00fczleti c\u00e9lb\u00f3l elj\u00e1r\u00f3 szem\u00e9lyek r\u00e9sz\u00e9re. A megrendel\u00e9s lead\u00e1s\u00e1val a v\u00e1s\u00e1rl\u00f3 kijelenti, hogy fogyaszt\u00f3nak min\u0151s\u00fcl\u0151 term\u00e9szetes szem\u00e9lyk\u00e9nt j\u00e1r el, \u00e9s nem \u00fczleti vagy szakmai tev\u00e9kenys\u00e9ge k\u00f6r\u00e9ben v\u00e1s\u00e1rol. Term\u00e9kek tulajdons\u00e1gai: Weboldalunkon az \u00e9rt\u00e9kes\u00edt\u00e9sre sz\u00e1nt term\u00e9kek tulajdons\u00e1gair\u00f3l az adott term\u00e9k oldal\u00e1n tal\u00e1lhat\u00f3 le\u00edr\u00e1s szolg\u00e1ltat inform\u00e1ci\u00f3t. A webshopban \u00e9rt\u00e9kes\u00edtett term\u00e9kek h\u00e1rom f\u0151 kateg\u00f3ri\u00e1ba tartoznak: A haszn\u00e1lt, preloved ruh\u00e1zati term\u00e9kek egyedi, kor\u00e1bban m\u00e1r haszn\u00e1lt \u00e1llapot\u00fa term\u00e9kek. Ezekn\u00e9l a term\u00e9kekn\u00e9l a haszn\u00e1latb\u00f3l ered\u0151 term\u00e9szetes jelek, \u00edgy k\u00fcl\u00f6n\u00f6sen kisebb kop\u00e1s, bolyhosod\u00e1s, fakul\u00e1s, enyhe anyagf\u00e1rad\u00e1s, apr\u00f3 eszt\u00e9tikai elt\u00e9r\u00e9s el\u0151fordulhat. A term\u00e9koldalon felt\u00fcntetett \u00e1llapotle\u00edr\u00e1s, f\u00e9nyk\u00e9pek, m\u00e9retadatok, valamint az esetleges hib\u00e1k, kop\u00e1sok, foltok, jav\u00edt\u00e1sok vagy egy\u00e9b haszn\u00e1lati nyomok a term\u00e9k ismert tulajdons\u00e1gainak min\u0151s\u00fclnek. A k\u00e9zzel k\u00e9sz\u00fclt \u00e9kszerek \u00faj, k\u00e9zm\u0171ves technik\u00e1val k\u00e9sz\u00edtett term\u00e9kek. A k\u00e9zm\u0171ves jellegb\u0151l fakad\u00f3an az egyes darabok k\u00f6z\u00f6tt minim\u00e1lis elt\u00e9r\u00e9s el\u0151fordulhat, amely nem min\u0151s\u00fcl hib\u00e1nak, amennyiben a term\u00e9k l\u00e9nyeges tulajdons\u00e1gait \u00e9s rendeltet\u00e9sszer\u0171 haszn\u00e1lhat\u00f3s\u00e1g\u00e1t nem \u00e9rinti. Az \u00e9kszerek anyag\u00e1ra, m\u00e9ret\u00e9re, \u00f6sszet\u00e9tel\u00e9re \u00e9s l\u00e9nyeges tulajdons\u00e1gaira vonatkoz\u00f3 t\u00e1j\u00e9koztat\u00e1st a term\u00e9koldal tartalmazza. A Menyecske-kalend\u00e1rium \u00faj, pap\u00edr alap\u00fa term\u00e9k. A term\u00e9k l\u00e9nyeges tulajdons\u00e1gait, kivitel\u00e9t, terjedelm\u00e9t, tartalm\u00e1nak f\u0151 jellemz\u0151it \u00e9s esetleges k\u00fcl\u00f6nleges jellemz\u0151it a term\u00e9koldal tartalmazza. A nyomdai \u00e9s kijelz\u0151n t\u00f6rt\u00e9n\u0151 megjelen\u00edt\u00e9s saj\u00e1toss\u00e1gaib\u00f3l fakad\u00f3an a term\u00e9k sz\u00edneiben \u00e9s \u00e1rnyalataiban minim\u00e1lis elt\u00e9r\u00e9s el\u0151fordulhat. A nyomtatott novella \u00faj, pap\u00edr alap\u00fa kiadv\u00e1ny. L\u00e9nyeges tulajdons\u00e1gait, terjedelm\u00e9t \u00e9s tartalm\u00e1nak f\u0151 jellemz\u0151it minden esetben a term\u00e9koldal tartalmazza. A Digit\u00e1lis Menyecske-kalend\u00e1rium \u00e9s a Digit\u00e1lis novella PDF form\u00e1tumban ker\u00fcl \u00e9rt\u00e9kes\u00edt\u00e9sre. A sikeres fizet\u00e9st k\u00f6vet\u0151en a V\u00e1s\u00e1rl\u00f3 r\u00e9sz\u00e9re let\u00f6lthet\u0151v\u00e9 v\u00e1lik. Az Aj\u00e1nd\u00e9kutalv\u00e1ny elektronikus term\u00e9k. A v\u00e1s\u00e1rl\u00e1st k\u00f6vet\u0151en e-mailben ker\u00fcl kik\u00fcld\u00e9sre a V\u00e1s\u00e1rl\u00f3 r\u00e9sz\u00e9re. A webshopban egyes term\u00e9kek csomagban is megv\u00e1s\u00e1rolhat\u00f3k. A csomag egyetlen megrendel\u00e9sk\u00e9nt ker\u00fcl \u00e9rt\u00e9kes\u00edt\u00e9sre, azonban a csomag elemeire azok jelleg\u00e9nek megfelel\u0151 szab\u00e1lyok ir\u00e1nyad\u00f3k. A term\u00e9kekr\u0151l k\u00e9sz\u00fclt f\u00e9nyk\u00e9pek t\u00f6rekszenek a val\u00f3s \u00e1llapot \u00e9s sz\u00edn visszaad\u00e1s\u00e1ra, ugyanakkor a k\u00fcl\u00f6nb\u00f6z\u0151 kijelz\u0151k \u00e9s megjelen\u00edt\u00e9si be\u00e1ll\u00edt\u00e1sok miatt minim\u00e1lis sz\u00ednelt\u00e9r\u00e9s el\u0151fordulhat. Ruh\u00e1zati term\u00e9kek eset\u00e9n a term\u00e9koldalon felt\u00fcntetett gy\u00e1ri m\u00e9retjel\u00f6l\u00e9s mellett a megadott centim\u00e9teres m\u00e9retadatok is ir\u00e1nyad\u00f3ak lehetnek. A m\u00e9r\u00e9sek sor\u00e1n minim\u00e1lis elt\u00e9r\u00e9s el\u0151fordulhat. Adatbeviteli hib\u00e1k jav\u00edt\u00e1sa \u00e9s felel\u0151ss\u00e9g az adatok val\u00f3s\u00e1g\u00e1\u00e9rt: A megrendel\u00e9s folyamata sor\u00e1n, a rendel\u00e9s meger\u0151s\u00edt\u00e9se el\u0151tt adott a lehet\u0151s\u00e9g az \u00d6n \u00e1ltal megadott adatok m\u00f3dos\u00edt\u00e1s\u00e1ra, jav\u00edt\u00e1s\u00e1ra. Az \u00d6n \u00e1ltal megadott adatok pontoss\u00e1g\u00e1\u00e9rt \u00d6n felel\u0151s. Ezen adatok alapj\u00e1n \u00e1ll\u00edtjuk ki a sz\u00e1ml\u00e1t, a sz\u00e1ll\u00edt\u00e1si c\u00edmk\u00e9nt megjel\u00f6lt c\u00edmre k\u00e9zbes\u00edtj\u00fck a term\u00e9ke(ke)t. Rendel\u00e9se lead\u00e1s\u00e1val \u00d6n tudom\u00e1sul veszi, hogy Szolg\u00e1ltat\u00f3 jogosult az \u00d6n \u00e1ltal hib\u00e1san megadott adatokb\u00f3l ered\u0151 k\u00e1rok, k\u00f6lts\u00e9gek \u00d6n r\u00e9sz\u00e9re t\u00f6rt\u00e9n\u0151 \u00e1th\u00e1r\u00edt\u00e1s\u00e1ra. Szolg\u00e1ltat\u00f3 a hib\u00e1s adatbevitel miatt val\u00f3 teljes\u00edt\u00e9s\u00e9rt kiz\u00e1rja felel\u0151ss\u00e9g\u00e9t. Az el\u00edrt e-mail c\u00edm vagy postafi\u00f3kja tel\u00edtetts\u00e9ge k\u00f6vetkezt\u00e9ben a visszaigazol\u00e1s k\u00e9zbes\u00edthetetlennek min\u0151s\u00fcl, ez\u00e1ltal a szerz\u0151d\u00e9s megval\u00f3sul\u00e1s\u00e1t (meg)akad\u00e1lyozhatja. Elj\u00e1r\u00e1s hib\u00e1s \u00e1r eset\u00e9n: Szolg\u00e1ltat\u00f3 kiz\u00e1rja felel\u0151ss\u00e9g\u00e9t a minden gondoss\u00e1ga ellen\u00e9re, tov\u00e1bb\u00e1 az informatikai rendszer meghib\u00e1sod\u00e1s\u00e1b\u00f3l ered\u0151, nyilv\u00e1nval\u00f3an hib\u00e1san felt\u00fcntetett \u00e1r\u00e9rt. Nyilv\u00e1nval\u00f3an hib\u00e1san felt\u00fcntetett \u00e1rnak min\u0151s\u00fcl: Amennyiben hib\u00e1s \u00e1r ker\u00fclt felt\u00fcntet\u00e9sre, Szolg\u00e1ltat\u00f3 t\u00e1j\u00e9koztatja \u00d6nt az esetr\u0151l \u00e9s felk\u00edn\u00e1lja a term\u00e9k helyes \u00e1ron val\u00f3 megv\u00e9tel\u00e9nek lehet\u0151s\u00e9g\u00e9t, \u00edgy az \u00d6n d\u00f6nt\u00e9se \u00e9rtelm\u00e9ben vagy megrendeli a helyes \u00e1ron a term\u00e9ket vagy k\u00f6vetkezm\u00e9nyek n\u00e9lk\u00fcl el\u00e1llhat a v\u00e1s\u00e1rl\u00e1st\u00f3l. Webshopunk haszn\u00e1lata: Webshopunk a Felhaszn\u00e1l\u00f3 r\u00e9sz\u00e9re biztos\u00edtja a term\u00e9kek bemutat\u00e1s\u00e1t (term\u00e9kek k\u00e9ppel, le\u00edr\u00e1ssal, \u00e1rral a weboldalon) \u00e9s az online megrendel\u00e9s opci\u00f3j\u00e1t. Weboldalunkon \u00d6n men\u00fcrendszerben b\u00f6ng\u00e9szhet. A term\u00e9keket kateg\u00f3ri\u00e1nk\u00e9nt rendszerezve tal\u00e1lja. Egy-egy kateg\u00f3ria nev\u00e9re kattintva megjelennek az abban szerepl\u0151 term\u00e9kek. A listaoldalr\u00f3l a term\u00e9k r\u00e9szletes le\u00edr\u00e1s\u00e1t a term\u00e9k nev\u00e9re kattintva tal\u00e1lja. Webshopunkban kulcssz\u00f3 alapj\u00e1n t\u00f6rt\u00e9n\u0151 keres\u00e9sre is van lehet\u0151s\u00e9g. Akci\u00f3s term\u00e9keinkn\u00e9l felt\u00fcntet\u00e9sre ker\u00fcl az akci\u00f3 kezdete \u00e9s lej\u00e1rata, illetve a \u201ek\u00e9szlet erej\u00e9ig\u201d jelz\u00e9s. Ha szeretne megv\u00e1s\u00e1rolni egy term\u00e9ket, azt (amennyiben t\u00f6bb darabot szeretne, a darabsz\u00e1m be\u00e1ll\u00edt\u00e1s\u00e1val, ezt k\u00f6vet\u0151en) a kos\u00e1r gombra t\u00f6rt\u00e9n\u0151 kattint\u00e1ssal teheti meg. A kos\u00e1rban l\u00e9v\u0151 term\u00e9keket a Kos\u00e1r megtekint\u00e9se seg\u00edts\u00e9g\u00e9vel n\u00e9zheti meg \u00e9s ellen\u0151rizheti. Itt lehet\u0151s\u00e9ge van m\u00f3dos\u00edtani a mennyis\u00e9geken vagy t\u00f6r\u00f6lni term\u00e9keket. A Kos\u00e1r ki\u00fcr\u00edt\u00e9s\u00e9re kattintva a kos\u00e1r teljes tartalma t\u00f6rl\u0151dik. Ha kiv\u00e1lasztotta, mely term\u00e9keket szeretn\u00e9 megrendelni, a Megrendel\u00e9s gombra t\u00f6rt\u00e9n\u0151 kattint\u00e1ssal van lehet\u0151s\u00e9ge rendel\u00e9se lead\u00e1s\u00e1ra. A rendel\u00e9s lead\u00e1s\u00e1hoz a k\u00f6vetkez\u0151 adatok megad\u00e1sa sz\u00fcks\u00e9ges: n\u00e9v, c\u00edm, sz\u00e1ml\u00e1z\u00e1si c\u00edm, sz\u00e1ll\u00edt\u00e1si c\u00edm, e-mail c\u00edm, telefonsz\u00e1m. Az adatok biztons\u00e1ga a Felhaszn\u00e1l\u00f3 felel\u0151ss\u00e9ge, \u0151 felel\u0151s adatai friss\u00edt\u00e9s\u00e9\u00e9rt, k\u00f6teles Szolg\u00e1ltat\u00f3nak tudom\u00e1s\u00e1ra hozni, ha adataival harmadik f\u00e9l vissza\u00e9lt. A megrendel\u00e9s folyamata sor\u00e1n a Felhaszn\u00e1l\u00f3nak sz\u00fcks\u00e9ges kiv\u00e1lasztani az \u00e1ltala prefer\u00e1lt fizet\u00e9si \u00e9s sz\u00e1ll\u00edt\u00e1si m\u00f3dot. K\u00f6zvetlen\u00fcl a rendel\u00e9s j\u00f3v\u00e1hagy\u00e1sa el\u0151tt a Felhaszn\u00e1l\u00f3 a Megrendel\u00e9s \u00f6sszes\u00edt\u00e9se oldalon ellen\u0151rizheti az adatok helyess\u00e9g\u00e9t, a megrendelni k\u00edv\u00e1nt term\u00e9keket \u00e9s mennyis\u00e9g\u00fcket. Ha jav\u00edtani szeretn\u00e9 az adatokat, a ceruza ikonra kattintva van r\u00e1 m\u00f3d. Rendel\u00e9s v\u00e9gleges\u00edt\u00e9se: Ha mindent rendben tal\u00e1l, a \u201eMegrendel\u00e9s elk\u00fcld\u00e9se\u201d gombra kattintva v\u00e9gleges\u00edtheti rendel\u00e9s\u00e9t, melyr\u0151l weboldalunkon \u00e9s e-mailben is visszaigazol\u00e1st kap. Abban az esetben, ha a visszaigazol\u00f3 e-mailben veszi \u00e9szre, hogy hib\u00e1s adatot adott meg, k\u00e9rj\u00fck, halad\u00e9ktalanul, 24 \u00f3r\u00e1n bel\u00fcl jelezze fel\u00e9nk. A weboldalunkon tal\u00e1lhat\u00f3 t\u00e1j\u00e9koztat\u00e1s nem min\u0151s\u00fcl Szolg\u00e1ltat\u00f3 r\u00e9sz\u00e9r\u0151l t\u00f6rt\u00e9n\u0151 szerz\u0151d\u00e9sk\u00f6t\u00e9si aj\u00e1nlatnak. Az aj\u00e1nlattev\u0151 \u00d6n. \u00d6n a \u201eMegrendel\u00e9s elk\u00fcld\u00e9se\u201d gombra kattintva tudom\u00e1sul veszi, hogy aj\u00e1nlata megtettnek min\u0151s\u00fcl \u00e9s nyilatkozata fizet\u00e9si k\u00f6telezetts\u00e9ggel j\u00e1r. Ha aj\u00e1nlat\u00e1t \u00c1ltal\u00e1nos szerz\u0151d\u00e9si felt\u00e9teleink szerinti 48 \u00f3r\u00e1n bel\u00fcl nem igazoljuk vissza, \u00d6n mentes\u00fcl aj\u00e1nlati k\u00f6t\u00f6tts\u00e9ge al\u00f3l. Az automatikus visszaigazol\u00e1s a megrendel\u00e9s be\u00e9rkez\u00e9s\u00e9t igazolja, de nem min\u0151s\u00fcl az aj\u00e1nlat elfogad\u00e1s\u00e1nak. Rendel\u00e9s feldolgoz\u00e1sa \u00e9s a szerz\u0151d\u00e9s megk\u00f6t\u00e9se: Webshopunkon \u00d6n b\u00e1rmikor leadhatja rendel\u00e9s\u00e9t. Rendel\u00e9s\u00e9r\u0151l automatikus visszaigazol\u00e1st kap, mely rendel\u00e9se be\u00e9rkez\u00e9s\u00e9t jelenti, azonban ez a visszaigazol\u00e1s nem min\u0151s\u00fcl az \u00d6n \u00e1ltal tett aj\u00e1nlat elfogad\u00e1s\u00e1nak. Ha rendel\u00e9s\u00e9t\u0151l sz\u00e1m\u00edtva 24 \u00f3r\u00e1n bel\u00fcl nem kap automatikus visszaigazol\u00e1st e-mailben, k\u00e9rj\u00fck, jelezze fel\u00e9nk, hiszen el\u0151fordulhat technikai probl\u00e9ma, elk\u00e9pzelhet\u0151, hogy emiatt nem \u00e9rkezett meg rendszer\u00fcnkbe rendel\u00e9se. Szolg\u00e1ltat\u00f3 egy m\u00e1sodik e-mailben igazolja vissza az \u00d6n aj\u00e1nlat\u00e1t, ekkor j\u00f6n l\u00e9tre a szerz\u0151d\u00e9s. Fizet\u00e9si m\u00f3dok: Barion Biztons\u00e1gosan fizethetsz k\u00e1rty\u00e1val oldalunkon a Barion fizet\u00e9si rendszeren is Az online bankk\u00e1rty\u00e1s fizet\u00e9sek a Barion rendszer\u00e9n kereszt\u00fcl val\u00f3sulnak meg. A bankk\u00e1rtya adatok a keresked\u0151h\u00f6z nem jutnak el. A szolg\u00e1ltat\u00e1st ny\u00fajt\u00f3 Barion Payment Zrt. a Magyar Nemzeti Bank fel\u00fcgyelete alatt \u00e1ll\u00f3 int\u00e9zm\u00e9ny, enged\u00e9ly\u00e9nek sz\u00e1ma: H-EN-I-1064\/2013.\u201d C\u00edm: Budapest, Irinyi J\u00f3zsef u. 4-20, 1117 Telefonsz\u00e1m: (06 1) 464 7099 Banki \u00e1tutal\u00e1s: A fizet\u00e9s t\u00f6rt\u00e9nhet banki \u00e1tutal\u00e1ssal. A megrendel\u00e9s feldolgoz\u00e1s\u00e1t k\u00f6vet\u0151en koll\u00e9g\u00e1nk elk\u00fcldi \u00d6nnek az \u00e1tutal\u00e1shoz sz\u00fcks\u00e9ges adatokat. Miut\u00e1n utal\u00e1sa be\u00e9rkezett, \u00e1tadjuk csomagj\u00e1t a fut\u00e1rszolg\u00e1latnak kisz\u00e1ll\u00edt\u00e1s c\u00e9lj\u00e1b\u00f3l. Ut\u00e1nv\u00e9tes fizet\u00e9s: A fizet\u00e9s t\u00f6rt\u00e9nhet ut\u00e1nv\u00e9ttel is, ez esetben 690 Forint ut\u00e1nv\u00e9t d\u00edjat sz\u00e1m\u00edtunk fel. A rendel\u00e9st ez esetben a fut\u00e1rn\u00e1l sz\u00fcks\u00e9ges kifizetni. FoxPost automat\u00e1s sz\u00e1ll\u00edt\u00e1si m\u00f3d v\u00e1laszt\u00e1s\u00e1n\u00e1l a FoxPost automat\u00e1n\u00e1l van lehet\u0151s\u00e9g fizetni, bankk\u00e1rty\u00e1val. Fizet\u00e9s aj\u00e1nd\u00e9kutalv\u00e1nnyal: Az Aj\u00e1nd\u00e9kutalv\u00e1ny a webshopban kuponk\u00f3d megad\u00e1s\u00e1val haszn\u00e1lhat\u00f3 fel. Egy rendel\u00e9s sor\u00e1n t\u00f6bb Aj\u00e1nd\u00e9kutalv\u00e1ny is bev\u00e1lthat\u00f3. Ha a rendel\u00e9s \u00f6sszege magasabb az utalv\u00e1ny(ok) \u00e9rt\u00e9k\u00e9n\u00e9l, a k\u00fcl\u00f6nb\u00f6zetet a V\u00e1s\u00e1rl\u00f3 k\u00f6teles megfizetni. Ha a rendel\u00e9s \u00f6sszege alacsonyabb, a fennmarad\u00f3 egyenleg az utalv\u00e1ny \u00e9rv\u00e9nyess\u00e9gi idej\u00e9n bel\u00fcl tov\u00e1bbi v\u00e1s\u00e1rl\u00e1sok sor\u00e1n felhaszn\u00e1lhat\u00f3. Az Aj\u00e1nd\u00e9kutalv\u00e1ny a ki\u00e1ll\u00edt\u00e1s napj\u00e1t\u00f3l sz\u00e1m\u00edtott 1 \u00e9vig \u00e9rv\u00e9nyes. Az Aj\u00e1nd\u00e9kutalv\u00e1ny k\u00e9szp\u00e9nzre nem v\u00e1lthat\u00f3. Az Aj\u00e1nd\u00e9kutalv\u00e1ny a v\u00e1s\u00e1rl\u00e1s sor\u00e1n megadott e-mail c\u00edmre ker\u00fcl kik\u00fcld\u00e9sre. A hib\u00e1s e-mail c\u00edm megad\u00e1s\u00e1b\u00f3l ered\u0151 k\u00e9zbes\u00edt\u00e9si probl\u00e9m\u00e1k\u00e9rt a Szolg\u00e1ltat\u00f3 nem felel. \u00c1tv\u00e9teli m\u00f3dok: FoxPost A FoxPost csomagautomata f\u0151k\u00e9nt bev\u00e1s\u00e1rl\u00f3k\u00f6zpontokban el\u00e9rhet\u0151, egyszer\u0171, k\u00e9nyelmes, id\u0151takar\u00e9kos csomag\u00e1tv\u00e9telt tesz lehet\u0151v\u00e9. Tov\u00e1bbi inform\u00e1ci\u00f3: http:\/\/www.foxpost.hu\/csomagatvetel-hogyan\/ Sz\u00e1ll\u00edt\u00e1si d\u00edj: 1290Ft Sz\u00e1ll\u00edt\u00e1si id\u0151: felad\u00e1st\u00f3l sz\u00e1m\u00edtott 2 munkanap Sz\u00e1ll\u00edt\u00e1si id\u0151: 2 munkanap GLS General Logistics Systems Hungary Csomag-Logisztikai Kft. \u2013 H\u00e1zhozsz\u00e1ll\u00edt\u00e1s: A lenti sz\u00e1ll\u00edt\u00e1si k\u00f6lts\u00e9gek belf\u00f6ldi sz\u00e1ll\u00edt\u00e1s eset\u00e9ben \u00e9rv\u00e9nyesek. A k\u00e9zbes\u00edt\u00e9si folyamat sor\u00e1n a GLS minden esetben \u00e9rtes\u00edt\u00e9st k\u00fcld a V\u00e1s\u00e1rl\u00f3 r\u00e9sz\u00e9re a csomag kisz\u00e1ll\u00edt\u00e1s\u00e1r\u00f3l. Sz\u00e1ll\u00edt\u00e1si d\u00edj: 2890Ft Sz\u00e1ll\u00edt\u00e1si id\u0151: felad\u00e1st\u00f3l sz\u00e1m\u00edtott 1-2 munkanap Magyar Posta H\u00e1zhozsz\u00e1ll\u00edt\u00e1s \u00e9s csomagpontra, automat\u00e1kba val\u00f3 sz\u00e1ll\u00edt\u00e1s Sz\u00e1ll\u00edt\u00e1si d\u00edj: 5990 Ft Sz\u00e1ll\u00edt\u00e1si id\u0151: felad\u00e1st\u00f3l sz\u00e1m\u00edtott 4-7 munkanap Teljes\u00edt\u00e9si hat\u00e1rid\u0151: A teljes\u00edt\u00e9si hat\u00e1rid\u0151 a megrendel\u00e9s visszaigazol\u00e1s\u00e1t\u00f3l sz\u00e1m\u00edtva 2-10 munkanap. Az ezen hat\u00e1rid\u0151t\u0151l val\u00f3 elt\u00e9r\u00e9st jelezz\u00fck minden esetben e-mailben. Digit\u00e1lis PDF term\u00e9kek \u00e9s elektronikus Aj\u00e1nd\u00e9kutalv\u00e1ny eset\u00e9ben a teljes\u00edt\u00e9s a fizet\u00e9s sikeres be\u00e9rkez\u00e9s\u00e9t k\u00f6vet\u0151en halad\u00e9ktalanul megt\u00f6rt\u00e9nik. Jogfenntart\u00e1s \u00e9s kik\u00f6t\u00e9s: Ha \u00d6n kor\u00e1bban rendelt t\u0151l\u00fcnk term\u00e9ket, de azt kisz\u00e1ll\u00edt\u00e1skor nem vette \u00e1t (kiv\u00e9ve azon esetet, melyben el\u00e1ll\u00e1si jog\u00e1val \u00e9lt), illetve a csomag \u201eNem kereste\u201d jelz\u00e9ssel visszaj\u00f6tt hozz\u00e1nk, Szolg\u00e1ltat\u00f3 abban az esetben v\u00e1llalja a megrendel\u00e9s teljes\u00edt\u00e9s\u00e9t, amennyiben a v\u00e9tel\u00e1r \u00e9s sz\u00e1ll\u00edt\u00e1si k\u00f6lts\u00e9g el\u0151re megfizet\u00e9sre ker\u00fcl. Szolg\u00e1ltat\u00f3 visszatarthatja a csomag \u00e1tad\u00e1s\u00e1t, am\u00edg meggy\u0151z\u0151d\u00fcnk a term\u00e9k v\u00e9tel\u00e1r\u00e1nak sikeres kifizet\u00e9s\u00e9nek megt\u00f6rt\u00e9nt\u00e9r\u0151l online fizet\u00e9s eset\u00e9n. Ha a term\u00e9k \u00e1r\u00e1t nem egyenl\u00edtette ki teljes m\u00e9rt\u00e9kben, Szolg\u00e1ltat\u00f3 felh\u00edvja a Fogyaszt\u00f3 figyelm\u00e9t a v\u00e9tel\u00e1r kieg\u00e9sz\u00edt\u00e9s\u00e9re. K\u00fclf\u00f6ldi \u00e9rt\u00e9kes\u00edt\u00e9s: Szolg\u00e1ltat\u00f3 els\u0151sorban Magyarorsz\u00e1g ter\u00fclet\u00e9n bel\u00fcl biztos\u00edtja a megrendelt term\u00e9kek kisz\u00e1ll\u00edt\u00e1s\u00e1t\/\u00e1tv\u00e9tel\u00e9t. Fogyaszt\u00f3i t\u00e1j\u00e9koztat\u00f3 a 45\/2014. (II. 26.) Korm. rendelet alapj\u00e1n: T\u00e1j\u00e9koztat\u00e1s a Fogyaszt\u00f3t megillet\u0151 el\u00e1ll\u00e1si jogr\u00f3l: Fogyaszt\u00f3nak a Ptk. 8:1. \u00a7 1. bekezd\u00e9s 3. pontja alapj\u00e1n kiz\u00e1r\u00f3lag a szakm\u00e1ja, \u00f6n\u00e1ll\u00f3 foglalkoz\u00e1sa, \u00fczleti tev\u00e9kenys\u00e9ge k\u00f6r\u00e9n k\u00edv\u00fcl elj\u00e1r\u00f3 term\u00e9szetes szem\u00e9ly min\u0151s\u00fcl, ennek \u00e9rtelm\u00e9ben jogi szem\u00e9lyek nem \u00e9lhetnek az indokol\u00e1s n\u00e9lk\u00fcli el\u00e1ll\u00e1s jog\u00e1val! A Fogyaszt\u00f3t a 45\/2014. (II. 26.) Korm. rendelet 20. \u00a7 alapj\u00e1n indokol\u00e1s n\u00e9lk\u00fcli el\u00e1ll\u00e1si jog illet meg. A Fogyaszt\u00f3 gyakorolhatja el\u00e1ll\u00e1si jog\u00e1t a term\u00e9k ad\u00e1sv\u00e9tel\u00e9re ir\u00e1nyul\u00f3 szerz\u0151d\u00e9s eset\u00e9n a term\u00e9k \u00e1tv\u00e9tel\u00e9nek napj\u00e1t\u00f3l sz\u00e1m\u00edtott 14 napos hat\u00e1rid\u0151n bel\u00fcl. A Fogyaszt\u00f3 el\u00e1ll\u00e1si jog\u00e1t gyakorolhatja a szerz\u0151d\u00e9s megk\u00f6t\u00e9s\u00e9nek \u00e9s a term\u00e9k \u00e1tv\u00e9tel\u00e9nek napja k\u00f6zti id\u0151szakban is. Amennyiben a szerz\u0151d\u00e9s megk\u00f6t\u00e9s\u00e9re a Fogyaszt\u00f3 tett aj\u00e1nlatot, megilleti \u0151t a szerz\u0151d\u00e9s megk\u00f6t\u00e9se el\u0151tt az aj\u00e1nlat visszavon\u00e1s\u00e1nak joga, mely megsz\u00fcnteti a szerz\u0151d\u00e9s megk\u00f6t\u00e9s\u00e9re ir\u00e1nyul\u00f3 aj\u00e1nlati k\u00f6t\u00f6tts\u00e9get. El\u00e1ll\u00e1si nyilatkozat, Fogyaszt\u00f3 el\u00e1ll\u00e1si \u00e9s felmond\u00e1si joga: A 45\/2014. (II. 26.) Korm. rendelet 20. \u00a7-ban biztos\u00edtott jog\u00e1t a Fogyaszt\u00f3 az erre vonatkoz\u00f3 nyilatkozata \u00fatj\u00e1n gyakorolhatja. Fogyaszt\u00f3i el\u00e1ll\u00e1si nyilatkozat \u00e9rv\u00e9nyess\u00e9ge: Hat\u00e1rid\u0151ben \u00e9rv\u00e9nyes\u00edtettnek tekintj\u00fck az el\u00e1ll\u00e1si jogot, amennyiben a Fogyaszt\u00f3 nyilatkozat\u00e1t hat\u00e1rid\u0151n (14 napon) bel\u00fcl elk\u00fcldi r\u00e9sz\u00fcnkre. A Fogyaszt\u00f3t terheli a bizony\u00edt\u00e1s, miszerint el\u00e1ll\u00e1si jog\u00e1t e rendelkez\u00e9ssel \u00f6sszhangban gyakorolta. Szolg\u00e1ltat\u00f3 a Fogyaszt\u00f3 el\u00e1ll\u00e1si nyilatkozat\u00e1nak be\u00e9rkez\u00e9se ut\u00e1n elektronikusan visszaigazolja a Fogyaszt\u00f3 sz\u00e1m\u00e1ra az el\u00e1ll\u00e1si jog gyakorl\u00e1s\u00e1nak t\u00e9ny\u00e9t, illetve tudom\u00e1sul v\u00e9tel\u00e9t. Szolg\u00e1ltat\u00f3 k\u00f6telezetts\u00e9ge a Fogyaszt\u00f3 el\u00e1ll\u00e1sa eset\u00e9n: Szolg\u00e1ltat\u00f3 visszat\u00e9r\u00edt\u00e9si k\u00f6telezetts\u00e9ge: Ha a Fogyaszt\u00f3 a 45\/2014. (II. 26.) Korm. rendelet 22. \u00a7 alapj\u00e1n el\u00e1ll a szerz\u0151d\u00e9st\u0151l, Szolg\u00e1ltat\u00f3 az el\u00e1ll\u00e1sr\u00f3l t\u00f6rt\u00e9n\u0151 tudom\u00e1sszerz\u00e9st\u0151l sz\u00e1m\u00edtott 14 napon bel\u00fcl visszat\u00e9r\u00edti a Fogyaszt\u00f3 \u00e1ltal megfizetett teljes \u00f6sszeget, ide\u00e9rtve a teljes\u00edt\u00e9ssel \u00f6sszef\u00fcgg\u00e9sben felmer\u00fclt k\u00f6lts\u00e9geket, \u00edgy a sz\u00e1ll\u00edt\u00e1si d\u00edjat is. Ez nem vonatkozik arra a t\u00f6bbletk\u00f6lts\u00e9gre, amely a Fogyaszt\u00f3 \u00e1ltal v\u00e1lasztott, a szok\u00e1sos \u00e9s legolcs\u00f3bb sz\u00e1ll\u00edt\u00e1si m\u00f3dt\u00f3l elt\u00e9r\u0151 sz\u00e1ll\u00edt\u00e1si m\u00f3d v\u00e1laszt\u00e1s\u00e1b\u00f3l ered. Szolg\u00e1ltat\u00f3 visszat\u00e9r\u00edt\u00e9si k\u00f6telezetts\u00e9g\u00e9nek m\u00f3dja:A 45\/2014. (II. 26.) Korm. rendelet 22. \u00a7 alapj\u00e1n t\u00f6rt\u00e9n\u0151 el\u00e1ll\u00e1s eset\u00e9n Szolg\u00e1ltat\u00f3 a Fogyaszt\u00f3nak visszaj\u00e1r\u00f3 \u00f6sszeget a Fogyaszt\u00f3 \u00e1ltal ig\u00e9nybe vett fizet\u00e9si m\u00f3ddal megegyez\u0151 m\u00f3don t\u00e9r\u00edti vissza. A Fogyaszt\u00f3 kifejezett beleegyez\u00e9se alapj\u00e1n Szolg\u00e1ltat\u00f3 a visszat\u00e9r\u00edt\u00e9sre m\u00e1s fizet\u00e9si m\u00f3dot is alkalmazhat, de a Fogyaszt\u00f3t ebb\u0151l ad\u00f3d\u00f3an t\u00f6bbletd\u00edj nem terhelheti. A Fogyaszt\u00f3 \u00e1ltal hib\u00e1san megadott banksz\u00e1mlasz\u00e1m vagy postac\u00edm miatti k\u00e9sedelem\u00e9rt a Szolg\u00e1ltat\u00f3t felel\u0151ss\u00e9g nem terheli. T\u00f6bbletk\u00f6lts\u00e9gek:Ha a Fogyaszt\u00f3 a szok\u00e1sos \u00e9s legolcs\u00f3bb sz\u00e1ll\u00edt\u00e1si m\u00f3dt\u00f3l elt\u00e9r\u0151 sz\u00e1ll\u00edt\u00e1si m\u00f3dot v\u00e1laszt, a Szolg\u00e1ltat\u00f3 nem k\u00f6teles visszat\u00e9r\u00edteni az ebb\u0151l ered\u0151 t\u00f6bbletk\u00f6lts\u00e9get. Visszatart\u00e1si jog:A Szolg\u00e1ltat\u00f3 visszatarthatja a Fogyaszt\u00f3nak visszaj\u00e1r\u00f3 \u00f6sszeget addig, am\u00edg a Fogyaszt\u00f3 a term\u00e9ket vissza nem szolg\u00e1ltatta, vagy k\u00e9ts\u00e9get kiz\u00e1r\u00f3an nem igazolta, hogy azt visszak\u00fcldte. A kett\u0151 k\u00f6z\u00fcl a kor\u00e1bbi id\u0151pontot kell figyelembe venni. Ut\u00e1nv\u00e9ttel vagy port\u00f3san feladott k\u00fcldem\u00e9nyt a Szolg\u00e1ltat\u00f3 nem k\u00f6teles \u00e1tvenni. Fogyaszt\u00f3 k\u00f6telezetts\u00e9gei el\u00e1ll\u00e1sa\/felmond\u00e1sa eset\u00e9n: Term\u00e9k visszaszolg\u00e1ltat\u00e1sa:Ha a Fogyaszt\u00f3 a 45\/2014. (II. 26.) Korm. rendelet 22. \u00a7 alapj\u00e1n el\u00e1ll a szerz\u0151d\u00e9st\u0151l, a term\u00e9ket halad\u00e9ktalanul, de legk\u00e9s\u0151bb az el\u00e1ll\u00e1s k\u00f6zl\u00e9s\u00e9t\u0151l sz\u00e1m\u00edtott 14 napon bel\u00fcl k\u00f6teles visszak\u00fcldeni vagy a Szolg\u00e1ltat\u00f3 r\u00e9sz\u00e9re \u00e1tadni. A visszak\u00fcld\u00e9s hat\u00e1rid\u0151ben teljes\u00edtettnek min\u0151s\u00fcl, ha a Fogyaszt\u00f3 a term\u00e9ket a 14 napos hat\u00e1rid\u0151 lej\u00e1rta el\u0151tt elk\u00fcldi. Term\u00e9k visszaszolg\u00e1ltat\u00e1s\u00e1val kapcsolatos k\u00f6lts\u00e9gek visel\u00e9se:A term\u00e9k visszak\u00fcld\u00e9s\u00e9nek k\u00f6zvetlen k\u00f6lts\u00e9ge a Fogyaszt\u00f3t terheli, kiv\u00e9ve, ha a Szolg\u00e1ltat\u00f3 ennek visel\u00e9s\u00e9t kifejezetten v\u00e1llalta. Fogyaszt\u00f3 felel\u0151ss\u00e9ge az \u00e9rt\u00e9kcs\u00f6kken\u00e9s\u00e9rt:A Fogyaszt\u00f3 kiz\u00e1r\u00f3lag a term\u00e9k jelleg\u00e9nek, tulajdons\u00e1gainak \u00e9s m\u0171k\u00f6d\u00e9s\u00e9nek meg\u00e1llap\u00edt\u00e1s\u00e1hoz sz\u00fcks\u00e9ges haszn\u00e1latot meghalad\u00f3 haszn\u00e1latb\u00f3l ered\u0151 \u00e9rt\u00e9kcs\u00f6kken\u00e9s\u00e9rt felel. A Fogyaszt\u00f3 nem felel az \u00e9rt\u00e9kcs\u00f6kken\u00e9s\u00e9rt, ha a Szolg\u00e1ltat\u00f3 az el\u00e1ll\u00e1si jogra vonatkoz\u00f3 t\u00e1j\u00e9koztat\u00e1si k\u00f6telezetts\u00e9g\u00e9nek nem tett eleget. Fogyaszt\u00f3 felel\u0151ss\u00e9ge az \u00e9rt\u00e9kcs\u00f6kken\u00e9s\u00e9rt: A Fogyaszt\u00f3 kiz\u00e1r\u00f3lag a term\u00e9k jelleg\u00e9nek, tulajdons\u00e1gainak \u00e9s m\u0171k\u00f6d\u00e9s\u00e9nek meg\u00e1llap\u00edt\u00e1s\u00e1hoz sz\u00fcks\u00e9ges haszn\u00e1latot meghalad\u00f3 haszn\u00e1latb\u00f3l ered\u0151 \u00e9rt\u00e9kcs\u00f6kken\u00e9s\u00e9rt felel. A Fogyaszt\u00f3...","thumbnail_url":"https:\/\/marado.hu\/wp-content\/uploads\/2026\/02\/2.png","thumbnail_width":2000,"thumbnail_height":2000}